{"id":54,"date":"2020-12-26T15:58:03","date_gmt":"2020-12-26T15:58:03","guid":{"rendered":"http:\/\/losapostoles.org\/wordpress\/?page_id=54"},"modified":"2022-01-30T11:32:55","modified_gmt":"2022-01-30T10:32:55","slug":"juntas-anuales","status":"publish","type":"page","link":"https:\/\/losapostoles.org\/index.php\/juntas-anuales\/","title":{"rendered":"Juntas anuales"},"content":{"rendered":"\t\t<div data-elementor-type=\"wp-page\" data-elementor-id=\"54\" class=\"elementor elementor-54\" data-elementor-post-type=\"page\">\n\t\t\t\t\t\t<section class=\"elementor-section elementor-top-section elementor-element elementor-element-cd7e944 elementor-section-boxed elementor-section-height-default elementor-section-height-default\" data-id=\"cd7e944\" data-element_type=\"section\" data-e-type=\"section\">\n\t\t\t\t\t\t<div class=\"elementor-container elementor-column-gap-default\">\n\t\t\t\t\t<div class=\"elementor-column elementor-col-100 elementor-top-column elementor-element elementor-element-265cff9\" data-id=\"265cff9\" data-element_type=\"column\" data-e-type=\"column\">\n\t\t\t<div class=\"elementor-widget-wrap elementor-element-populated\">\n\t\t\t\t\t\t<div class=\"elementor-element elementor-element-981bd0d elementor-widget elementor-widget-spacer\" data-id=\"981bd0d\" data-element_type=\"widget\" data-e-type=\"widget\" data-widget_type=\"spacer.default\">\n\t\t\t\t<div class=\"elementor-widget-container\">\n\t\t\t\t\t\t\t<div class=\"elementor-spacer\">\n\t\t\t<div class=\"elementor-spacer-inner\"><\/div>\n\t\t<\/div>\n\t\t\t\t\t\t<\/div>\n\t\t\t\t<\/div>\n\t\t\t\t<div class=\"elementor-element elementor-element-b11d30c elementor-widget elementor-widget-heading\" data-id=\"b11d30c\" data-element_type=\"widget\" data-e-type=\"widget\" data-widget_type=\"heading.default\">\n\t\t\t\t<div class=\"elementor-widget-container\">\n\t\t\t\t\t<h2 class=\"elementor-heading-title elementor-size-default\">Juntas Anuales<\/h2>\t\t\t\t<\/div>\n\t\t\t\t<\/div>\n\t\t\t\t<div class=\"elementor-element elementor-element-847a295 elementor-widget elementor-widget-text-editor\" data-id=\"847a295\" data-element_type=\"widget\" data-e-type=\"widget\" data-widget_type=\"text-editor.default\">\n\t\t\t\t<div class=\"elementor-widget-container\">\n\t\t\t\t\t\t\t\t\t<p align=\"justify\">Como cualquier corporaci\u00f3n, los Ap\u00f3stoles tienen durante el a\u00f1o las Juntas Ordinarias, pero quiz\u00e1s seamos los que mantengamos m\u00e1s n\u00famero de ellas. Con el objeto de darlas a conocer, expongo a continuaci\u00f3n las Juntas correspondientes, con su nombre y el significado que tiene para nosotros. Hemos de reconocer, que antiguamente las juntas siempre correspond\u00eda\u00a0con un d\u00eda fijo, es decir no importaba si fuese viernes, lunes o s\u00e1bado, pero el paso del tiempo y queriendo alargar la noche un poco m\u00e1s, se han ido pasando generalmente al s\u00e1bado o v\u00edsperas de festivos. En todas las juntas y a la voz del presidente: \u00abEstamos en Junta\u00bb, todos los hermanos retiran las manos de la mesa, y no podr\u00e1n ponerlas hasta que finalice la misma.\u00a0<\/p><p align=\"justify\">Por tradici\u00f3n, conocemos que el hecho de retirar las manos de la mesa cuando el Presidente dice \u00abHermanos, estamos en Junta\u00bb parece venir de los primeros tiempos de la Corporaci\u00f3n, all\u00e1 por el siglo XV, cuando el primer \u00abCuartel\u00bb, estuvo en la Sacrist\u00eda de la Ermita de Jes\u00fas, pues la Cofrad\u00eda de Jes\u00fas y Los Ap\u00f3stoles estaban unidos. Se dice que estando sobre la mesa diversos libros sagrados, se ped\u00eda a los asistentes que retiraran las manos de la misma, como reverencia hacia los textos de inspiraci\u00f3n divina. El Contenido de cada una de las Juntas, no es otro que dar cuenta de la marcha de la Corporaci\u00f3n, atender y responder al correo recibido, conocer los puntos de vista de los hermanos en los temas tratados, al tiempo que, los que lo desean, hagan entregas por cuenta de su cuota anual, con lo que al final de la Cuaresma se ha conseguido adelgazar la cifra final, que por otra parte, en esta Corporaci\u00f3n nunca ha sido demasiado alta y en todo caso, por tradici\u00f3n, se tiene en cuenta la econom\u00eda de los menos pudientes.<\/p>\t\t\t\t\t\t\t\t<\/div>\n\t\t\t\t<\/div>\n\t\t\t\t<div class=\"elementor-element elementor-element-f2de8f8 elementor--h-position-center elementor--v-position-middle elementor-arrows-position-inside elementor-pagination-position-inside elementor-widget elementor-widget-slides\" data-id=\"f2de8f8\" data-element_type=\"widget\" data-e-type=\"widget\" data-settings=\"{&quot;navigation&quot;:&quot;both&quot;,&quot;autoplay&quot;:&quot;yes&quot;,&quot;pause_on_hover&quot;:&quot;yes&quot;,&quot;pause_on_interaction&quot;:&quot;yes&quot;,&quot;autoplay_speed&quot;:5000,&quot;infinite&quot;:&quot;yes&quot;,&quot;transition&quot;:&quot;slide&quot;,&quot;transition_speed&quot;:500}\" data-widget_type=\"slides.default\">\n\t\t\t\t<div class=\"elementor-widget-container\">\n\t\t\t\t\t\t\t\t\t<div class=\"elementor-swiper\">\n\t\t\t\t\t<div class=\"elementor-slides-wrapper elementor-main-swiper swiper\" role=\"region\" aria-roledescription=\"carousel\" aria-label=\"Slides\" dir=\"ltr\" data-animation=\"fadeInUp\">\n\t\t\t\t<div class=\"swiper-wrapper elementor-slides\">\n\t\t\t\t\t\t\t\t\t\t<div class=\"elementor-repeater-item-8bd873f swiper-slide\" role=\"group\" aria-roledescription=\"slide\"><div class=\"swiper-slide-bg\" role=\"img\" aria-label=\"TSR Watermark - 5230\"><\/div><div class=\"swiper-slide-inner\" ><div class=\"swiper-slide-contents\"><\/div><\/div><\/div><div class=\"elementor-repeater-item-ddaa5df swiper-slide\" role=\"group\" aria-roledescription=\"slide\"><div class=\"swiper-slide-bg\" role=\"img\" aria-label=\"3turno\"><\/div><div class=\"swiper-slide-inner\" ><div class=\"swiper-slide-contents\"><\/div><\/div><\/div><div class=\"elementor-repeater-item-2fe0f38 swiper-slide\" role=\"group\" aria-roledescription=\"slide\"><div class=\"swiper-slide-bg\" role=\"img\" aria-label=\"2evangelio\"><\/div><div class=\"swiper-slide-inner\" ><div class=\"swiper-slide-contents\"><\/div><\/div><\/div><div class=\"elementor-repeater-item-0a0807f swiper-slide\" role=\"group\" aria-roledescription=\"slide\"><div class=\"swiper-slide-bg\" role=\"img\" aria-label=\"1turno\"><\/div><div class=\"swiper-slide-inner\" ><div class=\"swiper-slide-contents\"><\/div><\/div><\/div><div class=\"elementor-repeater-item-e3d367a swiper-slide\" role=\"group\" aria-roledescription=\"slide\"><div class=\"swiper-slide-bg\" role=\"img\" aria-label=\"ramos1\"><\/div><div class=\"swiper-slide-inner\" ><div class=\"swiper-slide-contents\"><\/div><\/div><\/div><div class=\"elementor-repeater-item-1610fba swiper-slide\" role=\"group\" aria-roledescription=\"slide\"><div class=\"swiper-slide-bg\" role=\"img\" aria-label=\"ramos2\"><\/div><div class=\"swiper-slide-inner\" ><div class=\"swiper-slide-contents\"><\/div><\/div><\/div><div class=\"elementor-repeater-item-8f05c05 swiper-slide\" role=\"group\" aria-roledescription=\"slide\"><div class=\"swiper-slide-bg\" role=\"img\" aria-label=\"sanpedro2019\"><\/div><div class=\"swiper-slide-inner\" ><div class=\"swiper-slide-contents\"><\/div><\/div><\/div><div class=\"elementor-repeater-item-1ac0614 swiper-slide\" role=\"group\" aria-roledescription=\"slide\"><div class=\"swiper-slide-bg\" role=\"img\" aria-label=\"DSCN2844\"><\/div><div class=\"swiper-slide-inner\" ><div class=\"swiper-slide-contents\"><\/div><\/div><\/div><div class=\"elementor-repeater-item-bb50090 swiper-slide\" role=\"group\" aria-roledescription=\"slide\"><div class=\"swiper-slide-bg\" role=\"img\" aria-label=\"P1020003\"><\/div><div class=\"swiper-slide-inner\" ><div class=\"swiper-slide-contents\"><\/div><\/div><\/div><div class=\"elementor-repeater-item-9d75648 swiper-slide\" role=\"group\" aria-roledescription=\"slide\"><div class=\"swiper-slide-bg\" role=\"img\" aria-label=\"Imagen00009\"><\/div><div class=\"swiper-slide-inner\" ><div class=\"swiper-slide-contents\"><\/div><\/div><\/div><div class=\"elementor-repeater-item-ea5d53a swiper-slide\" role=\"group\" aria-roledescription=\"slide\"><div class=\"swiper-slide-bg\" role=\"img\" aria-label=\"RAMOS\"><\/div><div class=\"swiper-slide-inner\" ><div class=\"swiper-slide-contents\"><\/div><\/div><\/div><div class=\"elementor-repeater-item-37666f0 swiper-slide\" role=\"group\" aria-roledescription=\"slide\"><div class=\"swiper-slide-bg\" role=\"img\" aria-label=\"Image00008\"><\/div><div class=\"swiper-slide-inner\" ><div class=\"swiper-slide-contents\"><\/div><\/div><\/div><div class=\"elementor-repeater-item-735f1e2 swiper-slide\" role=\"group\" aria-roledescription=\"slide\"><div class=\"swiper-slide-bg\" role=\"img\" aria-label=\"Image00013\"><\/div><div class=\"swiper-slide-inner\" ><div class=\"swiper-slide-contents\"><\/div><\/div><\/div><div class=\"elementor-repeater-item-a52108b swiper-slide\" role=\"group\" aria-roledescription=\"slide\"><div class=\"swiper-slide-bg\" role=\"img\" aria-label=\"Image00019\"><\/div><div class=\"swiper-slide-inner\" ><div class=\"swiper-slide-contents\"><\/div><\/div><\/div><div class=\"elementor-repeater-item-34a750b swiper-slide\" role=\"group\" aria-roledescription=\"slide\"><div class=\"swiper-slide-bg\" role=\"img\" aria-label=\"TSR Watermark - 4431\"><\/div><div class=\"swiper-slide-inner\" ><div class=\"swiper-slide-contents\"><\/div><\/div><\/div>\t\t\t\t<\/div>\n\t\t\t\t\t\t\t\t\t\t\t\t\t\t\t<div class=\"elementor-swiper-button elementor-swiper-button-prev\" role=\"button\" tabindex=\"0\" aria-label=\"Previous slide\">\n\t\t\t\t\t\t\t<i aria-hidden=\"true\" class=\"eicon-chevron-left\"><\/i>\t\t\t\t\t\t<\/div>\n\t\t\t\t\t\t<div class=\"elementor-swiper-button elementor-swiper-button-next\" role=\"button\" tabindex=\"0\" aria-label=\"Next slide\">\n\t\t\t\t\t\t\t<i aria-hidden=\"true\" class=\"eicon-chevron-right\"><\/i>\t\t\t\t\t\t<\/div>\n\t\t\t\t\t\t\t\t\t\t\t\t\t\t\t\t<div class=\"swiper-pagination\"><\/div>\n\t\t\t\t\t\t\t\t\t\t\t\t<\/div>\n\t\t\t\t<\/div>\n\t\t\t\t\t\t\t\t<\/div>\n\t\t\t\t<\/div>\n\t\t\t\t<div class=\"elementor-element elementor-element-4ef7114 elementor-widget elementor-widget-toggle\" data-id=\"4ef7114\" data-element_type=\"widget\" data-e-type=\"widget\" data-widget_type=\"toggle.default\">\n\t\t\t\t<div class=\"elementor-widget-container\">\n\t\t\t\t\t\t\t<div class=\"elementor-toggle\">\n\t\t\t\t\t\t\t<div class=\"elementor-toggle-item\">\n\t\t\t\t\t<div id=\"elementor-tab-title-8281\" class=\"elementor-tab-title\" data-tab=\"1\" role=\"button\" aria-controls=\"elementor-tab-content-8281\" aria-expanded=\"false\">\n\t\t\t\t\t\t\t\t\t\t\t\t<span class=\"elementor-toggle-icon elementor-toggle-icon-left\" aria-hidden=\"true\">\n\t\t\t\t\t\t\t\t\t\t\t\t\t\t\t<span class=\"elementor-toggle-icon-closed\"><i class=\"fas fa-caret-right\"><\/i><\/span>\n\t\t\t\t\t\t\t\t<span class=\"elementor-toggle-icon-opened\"><i class=\"elementor-toggle-icon-opened fas fa-caret-up\"><\/i><\/span>\n\t\t\t\t\t\t\t\t\t\t\t\t\t<\/span>\n\t\t\t\t\t\t\t\t\t\t\t\t<a class=\"elementor-toggle-title\" tabindex=\"0\">Junta de la Cruz<\/a>\n\t\t\t\t\t<\/div>\n\n\t\t\t\t\t<div id=\"elementor-tab-content-8281\" class=\"elementor-tab-content elementor-clearfix\" data-tab=\"1\" role=\"region\" aria-labelledby=\"elementor-tab-title-8281\"><table border=\"0\" width=\"98%\" align=\"center\"><tbody><tr><td><p align=\"justify\">Ordinariamente, se celebraba el d\u00eda 3 de Mayo, pas\u00e1ndose en los \u00faltimos a\u00f1os al d\u00eda 2, v\u00edsperas del d\u00eda de la Cruz, pues desde que comenzamos los desfiles procesionales de los ap\u00f3stoles peque\u00f1os, no disponemos pr\u00e1cticamente de tiempo alguno. En esta Junta, en la que cumpli\u00e9ndose el Art\u00edculo 5\u00ba de nuestro Reglamento, toma posesi\u00f3n la nueva Junta Directiva, no sin antes efectuar la presentaci\u00f3n de cuentas por parte del Tesorero. Es iniciada por el presidente saliente y terminada por el presidente entrante. que fundidos en un fuerte abrazo, se ceden mutuamente el cargo y el sill\u00f3n. Normalmente es en esta junta, cuando se suelen presentar a votaci\u00f3n los hermanos que desean pertenecer a nuestra corporaci\u00f3n.<\/p><\/td><\/tr><tr><td><div align=\"justify\">Durante esta Junta, se ultiman los preparativos para el d\u00eda 3 de Mayo, en el cual vestirmos a nuestros hijos y familiares de los ropajes infantiles de los Ap\u00f3stoles, Demonio y Muerte, Picoruchos, y Santos Varones. Dos d\u00edas antes, procesionan tambi\u00e9n las figuras de Ad\u00e1n y Eva.<\/div><\/td><\/tr><\/tbody><\/table><\/div>\n\t\t\t\t<\/div>\n\t\t\t\t\t\t\t<div class=\"elementor-toggle-item\">\n\t\t\t\t\t<div id=\"elementor-tab-title-8282\" class=\"elementor-tab-title\" data-tab=\"2\" role=\"button\" aria-controls=\"elementor-tab-content-8282\" aria-expanded=\"false\">\n\t\t\t\t\t\t\t\t\t\t\t\t<span class=\"elementor-toggle-icon elementor-toggle-icon-left\" aria-hidden=\"true\">\n\t\t\t\t\t\t\t\t\t\t\t\t\t\t\t<span class=\"elementor-toggle-icon-closed\"><i class=\"fas fa-caret-right\"><\/i><\/span>\n\t\t\t\t\t\t\t\t<span class=\"elementor-toggle-icon-opened\"><i class=\"elementor-toggle-icon-opened fas fa-caret-up\"><\/i><\/span>\n\t\t\t\t\t\t\t\t\t\t\t\t\t<\/span>\n\t\t\t\t\t\t\t\t\t\t\t\t<a class=\"elementor-toggle-title\" tabindex=\"0\">Junta del Corpus<\/a>\n\t\t\t\t\t<\/div>\n\n\t\t\t\t\t<div id=\"elementor-tab-content-8282\" class=\"elementor-tab-content elementor-clearfix\" data-tab=\"2\" role=\"region\" aria-labelledby=\"elementor-tab-title-8282\"><p>Como ya se sabe, la fecha de esta Junta es variable, aunque siempre es definida por los Ap\u00f3stoles como el m\u00e1s grande del a\u00f1o, pues desfila el Sant\u00edsimo por nuestras calles. Se empieza a dar dinero a cuenta de las cuotas. Es esta una junta, en que con lo ajetreado del calendario\u00a0en los dos \u00faltimos meses, es m\u00e1s tranquila en cuanto a asistencia, no dejando de ser por ello, un momento de gran hermandad, cantes y preparaci\u00f3n para el d\u00eda grande de la Corporaci\u00f3n &#8211; la junta de San Pedro-. Normalmente, en el transcurso de ella se detallan invitaciones y n\u00famero de asistentes para ir perfilando todo el tema de la pr\u00f3xima junta a la perfecci\u00f3n.<\/p><\/div>\n\t\t\t\t<\/div>\n\t\t\t\t\t\t\t<div class=\"elementor-toggle-item\">\n\t\t\t\t\t<div id=\"elementor-tab-title-8283\" class=\"elementor-tab-title\" data-tab=\"3\" role=\"button\" aria-controls=\"elementor-tab-content-8283\" aria-expanded=\"false\">\n\t\t\t\t\t\t\t\t\t\t\t\t<span class=\"elementor-toggle-icon elementor-toggle-icon-left\" aria-hidden=\"true\">\n\t\t\t\t\t\t\t\t\t\t\t\t\t\t\t<span class=\"elementor-toggle-icon-closed\"><i class=\"fas fa-caret-right\"><\/i><\/span>\n\t\t\t\t\t\t\t\t<span class=\"elementor-toggle-icon-opened\"><i class=\"elementor-toggle-icon-opened fas fa-caret-up\"><\/i><\/span>\n\t\t\t\t\t\t\t\t\t\t\t\t\t<\/span>\n\t\t\t\t\t\t\t\t\t\t\t\t<a class=\"elementor-toggle-title\" tabindex=\"0\">Junta de San Pedro<\/a>\n\t\t\t\t\t<\/div>\n\n\t\t\t\t\t<div id=\"elementor-tab-content-8283\" class=\"elementor-tab-content elementor-clearfix\" data-tab=\"3\" role=\"region\" aria-labelledby=\"elementor-tab-title-8283\"><p><span style=\"vertical-align: inherit;\"><span style=\"vertical-align: inherit;\">Viene a celebrarse, normalmente el 29 de junio, o el s\u00e1bado m\u00e1s pr\u00f3ximo, con el fin de alargar esta bella noche. <\/span><span style=\"vertical-align: inherit;\">Por regla general, en esta reuni\u00f3n cada ap\u00f3stol acude con su esposa, para compartir una velada, que seg\u00fan se recogen en las actas vienen acompa\u00f1ada de grandes momentos de emoci\u00f3n, sentimientos y vivencias irrepetibles. <\/span><span style=\"vertical-align: inherit;\">Se ha celebrado durante muchos a\u00f1os, en la terraza de nuestro siempre querido Jos\u00e9 Rivas y Mar\u00eda Bachot, aunque de un tiempo ac\u00e1, se viene celebrando en el lagar que nuestro hermano Paco Carmona y Charo Repiso, tienen por los Arenales, donde con la amabilidad que se caracteriza a este matrimonio apost\u00f3lico, nos ceden un sal\u00f3n, que nosotros consideramos nuestro. <\/span><span style=\"vertical-align: inherit;\">Cuando por diferentes motivos no podemos usar estos lugares, como ha ocurrido en estos dos \u00faltimos a\u00f1os, debido a enfermedades de los anfitriones, <\/span><span style=\"vertical-align: inherit;\">nuestro hermano Antonio Mart\u00edn, nos ha cedido su zona residencial de los Huertos Familiares, donde hemos celebrado una extraordinaria velada. <\/span><span style=\"vertical-align: inherit;\">Durante la junta de San Pedro, se le rinde homenaje al hermano que durante veinticinco a\u00f1os ha pertenecido a la Corporaci\u00f3n, aprovechando la asistencia de su Se\u00f1ora, para agraciarla con frases llenas de elegios. <\/span><span style=\"vertical-align: inherit;\">Pues como dice el refr\u00e1n \u00abDetr\u00e1s de un gran hombre, siempre hay una gran mujer\u00bb. <\/span><span style=\"vertical-align: inherit;\">Generalizada ya la costumbre de que los \u00faltimos terminan en la famosa Verbena de San Pedro en las Cantarer\u00edas tomando una copita de machaco, chocolate y churros. <\/span><span style=\"vertical-align: inherit;\">aprovechando la asistencia de su Se\u00f1ora, para agraciarla con frases llenas de elegios. <\/span><span style=\"vertical-align: inherit;\">Pues como dice el refr\u00e1n \u00abDetr\u00e1s de un gran hombre, siempre hay una gran mujer\u00bb. <\/span><span style=\"vertical-align: inherit;\">Generalizada ya la costumbre de que los \u00faltimos terminan en la famosa Verbena de San Pedro en las Cantarer\u00edas tomando una copita de machaco, chocolate y churros. <\/span><span style=\"vertical-align: inherit;\">aprovechando la asistencia de su Se\u00f1ora, para agraciarla con frases llenas de elegios. <\/span><span style=\"vertical-align: inherit;\">Pues como dice el refr\u00e1n \u00abDetr\u00e1s de un gran hombre, siempre hay una gran mujer\u00bb. <\/span><span style=\"vertical-align: inherit;\">Generalizada ya la costumbre de que los \u00faltimos terminan en la famosa Verbena de San Pedro en las Cantarer\u00edas tomando una copita de machaco, chocolate y churros.<\/span><\/span><\/p><p><span style=\"vertical-align: inherit;\"><span style=\"vertical-align: inherit;\">Debido a la entrada en vigor del carnet por puntos, y de los numerosos controles policiales, hemos optado por celebrarlo durante los \u00faltimos a\u00f1os, en diferentes sitios de la localidad (Imperio Romano, Los Pilares, Hotel Xenil, etc.)<\/span><\/span><\/p><p><span style=\"vertical-align: inherit;\"><span style=\"vertical-align: inherit;\">Es en esta Junta, cuando tradicionalmente se rinde homenaje a los hermanos que llevan 25 a\u00f1os y la medalla de Oro para los que llevan cincuenta a\u00f1os en la Corporaci\u00f3n.<\/span><\/span><\/p><\/div>\n\t\t\t\t<\/div>\n\t\t\t\t\t\t\t<div class=\"elementor-toggle-item\">\n\t\t\t\t\t<div id=\"elementor-tab-title-8284\" class=\"elementor-tab-title\" data-tab=\"4\" role=\"button\" aria-controls=\"elementor-tab-content-8284\" aria-expanded=\"false\">\n\t\t\t\t\t\t\t\t\t\t\t\t<span class=\"elementor-toggle-icon elementor-toggle-icon-left\" aria-hidden=\"true\">\n\t\t\t\t\t\t\t\t\t\t\t\t\t\t\t<span class=\"elementor-toggle-icon-closed\"><i class=\"fas fa-caret-right\"><\/i><\/span>\n\t\t\t\t\t\t\t\t<span class=\"elementor-toggle-icon-opened\"><i class=\"elementor-toggle-icon-opened fas fa-caret-up\"><\/i><\/span>\n\t\t\t\t\t\t\t\t\t\t\t\t\t<\/span>\n\t\t\t\t\t\t\t\t\t\t\t\t<a class=\"elementor-toggle-title\" tabindex=\"0\">Junta de Santiago<\/a>\n\t\t\t\t\t<\/div>\n\n\t\t\t\t\t<div id=\"elementor-tab-content-8284\" class=\"elementor-tab-content elementor-clearfix\" data-tab=\"4\" role=\"region\" aria-labelledby=\"elementor-tab-title-8284\"><p>Esta Junta, se celebraba en la misma festividad de Santiago, pero debido a que este d\u00eda dej\u00f3 de ser fiesta nacional, normalmente se celebra el s\u00e1bado m\u00e1s pr\u00f3ximo; y como ya es \u00e9poca estival, es quiz\u00e1s la de menos asistencia, detall\u00e1ndose en estas Juntas, las postales recibidas, por aquellos hermanos que se han desplazado de vacaciones a otras provincias. Antiguamente era la primera que se celebra en la puerta del cuartel, donde la vecindad, agradece y festeja el que estemos en la puerta, pues recuerdan aquellos tiempos, en que los ap\u00f3stoles se sentaban durante el verano al fresco, pr\u00e1cticamente todos los d\u00edas.<\/p><p>En los \u00faltimos a\u00f1os, esta Junta se viene celebrando en el Chalet, del hermano Antonio Mart\u00edn Flores, donde nos recibe con una decoraci\u00f3n de mesa y alumbrado excepcional. Durando hasta la madrugada.<\/p><\/div>\n\t\t\t\t<\/div>\n\t\t\t\t\t\t\t<div class=\"elementor-toggle-item\">\n\t\t\t\t\t<div id=\"elementor-tab-title-8285\" class=\"elementor-tab-title\" data-tab=\"5\" role=\"button\" aria-controls=\"elementor-tab-content-8285\" aria-expanded=\"false\">\n\t\t\t\t\t\t\t\t\t\t\t\t<span class=\"elementor-toggle-icon elementor-toggle-icon-left\" aria-hidden=\"true\">\n\t\t\t\t\t\t\t\t\t\t\t\t\t\t\t<span class=\"elementor-toggle-icon-closed\"><i class=\"fas fa-caret-right\"><\/i><\/span>\n\t\t\t\t\t\t\t\t<span class=\"elementor-toggle-icon-opened\"><i class=\"elementor-toggle-icon-opened fas fa-caret-up\"><\/i><\/span>\n\t\t\t\t\t\t\t\t\t\t\t\t\t<\/span>\n\t\t\t\t\t\t\t\t\t\t\t\t<a class=\"elementor-toggle-title\" tabindex=\"0\">Junta de Feria<\/a>\n\t\t\t\t\t<\/div>\n\n\t\t\t\t\t<div id=\"elementor-tab-content-8285\" class=\"elementor-tab-content elementor-clearfix\" data-tab=\"5\" role=\"region\" aria-labelledby=\"elementor-tab-title-8285\"><p>Celebrada antiguamente el segundo d\u00eda de Feria, y en su recinto ferial, en la actualidad se celebra el d\u00eda anterior, 14 de Agosto. Tiene lugar en la puerta del cuartel, y su asistencia es m\u00e1s numerosa que la anterior, pero sin llegar a su plenitud, debido a que muchos hermanos se encuentran fuera del pueblo. Se recibe la asistencia de los hermanos ausentes que se desplaza para vivir la Feria de su Pueblo. Durante la celebraci\u00f3n de esta Junta, se viven momentos de cante, baile y sevillanas, que incluso en algunas actas, se recoge como algunos hermanos \u00abdieron un recital de cante y baile\u00bb. Se suele finalizar, con la asistencia de los hermanos al festival de cante Flamenco que se celebra en la Caseta Municipal, terminando con el tradicional desayuno de churros con chocolate.<\/p><p>Durante esta Junta, solemos pasar un rato extraordinario con cantes de flamenco, sevillanas e incluso alguna que otra saeta, siguiendo el dicho de \u00abLa mejor saeta por feria\u00bb<\/p><\/div>\n\t\t\t\t<\/div>\n\t\t\t\t\t\t\t<div class=\"elementor-toggle-item\">\n\t\t\t\t\t<div id=\"elementor-tab-title-8286\" class=\"elementor-tab-title\" data-tab=\"6\" role=\"button\" aria-controls=\"elementor-tab-content-8286\" aria-expanded=\"false\">\n\t\t\t\t\t\t\t\t\t\t\t\t<span class=\"elementor-toggle-icon elementor-toggle-icon-left\" aria-hidden=\"true\">\n\t\t\t\t\t\t\t\t\t\t\t\t\t\t\t<span class=\"elementor-toggle-icon-closed\"><i class=\"fas fa-caret-right\"><\/i><\/span>\n\t\t\t\t\t\t\t\t<span class=\"elementor-toggle-icon-opened\"><i class=\"elementor-toggle-icon-opened fas fa-caret-up\"><\/i><\/span>\n\t\t\t\t\t\t\t\t\t\t\t\t\t<\/span>\n\t\t\t\t\t\t\t\t\t\t\t\t<a class=\"elementor-toggle-title\" tabindex=\"0\">Junta de San Miguel<\/a>\n\t\t\t\t\t<\/div>\n\n\t\t\t\t\t<div id=\"elementor-tab-content-8286\" class=\"elementor-tab-content elementor-clearfix\" data-tab=\"6\" role=\"region\" aria-labelledby=\"elementor-tab-title-8286\"><p>Esta Junta del d\u00eda de San Miguel, celebrada tradicionalmente el d\u00eda 29 de Septiembre, est\u00e1 basada seg\u00fan antigua costumbre en la celebraci\u00f3n de \u00abla vara\u00bb y donde por parte de los agricultores se hac\u00eda \u00abla miguel\u00e1\u00bb. Es esta la que congrega a todos los hermanos, y en la que en la pr\u00e1ctica comienza el ejercicio activo de la Corporaci\u00f3n&#8230;. atr\u00e1s queda los calurosos meses del verano. Todos los hermanos est\u00e1n ansiosos de vivir experiencias nuevas, se cantan cuarteleras, combinadas con fandangos, seguiriyas&#8230; etc. La asistencia de la guitarra es casi obligada en esta Junta, los hermanos Migueles del cuartel (Miguel Fern\u00e1ndez, Miguel Mart\u00edn Flores, Miguel A. Mart\u00edn Palos), nos regalan bebidas destiladas y tarta, terminando con una Junta digna de vivir y mencionar.<\/p><\/div>\n\t\t\t\t<\/div>\n\t\t\t\t\t\t\t<div class=\"elementor-toggle-item\">\n\t\t\t\t\t<div id=\"elementor-tab-title-8287\" class=\"elementor-tab-title\" data-tab=\"7\" role=\"button\" aria-controls=\"elementor-tab-content-8287\" aria-expanded=\"false\">\n\t\t\t\t\t\t\t\t\t\t\t\t<span class=\"elementor-toggle-icon elementor-toggle-icon-left\" aria-hidden=\"true\">\n\t\t\t\t\t\t\t\t\t\t\t\t\t\t\t<span class=\"elementor-toggle-icon-closed\"><i class=\"fas fa-caret-right\"><\/i><\/span>\n\t\t\t\t\t\t\t\t<span class=\"elementor-toggle-icon-opened\"><i class=\"elementor-toggle-icon-opened fas fa-caret-up\"><\/i><\/span>\n\t\t\t\t\t\t\t\t\t\t\t\t\t<\/span>\n\t\t\t\t\t\t\t\t\t\t\t\t<a class=\"elementor-toggle-title\" tabindex=\"0\">Junta de los Santos<\/a>\n\t\t\t\t\t<\/div>\n\n\t\t\t\t\t<div id=\"elementor-tab-content-8287\" class=\"elementor-tab-content elementor-clearfix\" data-tab=\"7\" role=\"region\" aria-labelledby=\"elementor-tab-title-8287\"><p>Esta Junta, que es celebrada a primeros de Noviembre, y donde se aprovecha para el reparto de la loter\u00eda de Navidad y en la que se menciona el refr\u00e1n del mes de Noviembre \u00abDichoso mes, que empieza por los Santos y acaba por San Andr\u00e9s\u00bb<\/p><p>Es una Junta, en la que ya suelen acudir casi todos los hermanos y donde se reflejan las ganas de volver a participar por completo en las actividades de la Corporaci\u00f3n.<\/p><p>En nuestra localidad, suele ser un d\u00eda en que pr\u00e1cticamente todas las Corporaciones celebran juntas en sus cuarteles.<\/p><\/div>\n\t\t\t\t<\/div>\n\t\t\t\t\t\t\t<div class=\"elementor-toggle-item\">\n\t\t\t\t\t<div id=\"elementor-tab-title-8288\" class=\"elementor-tab-title\" data-tab=\"8\" role=\"button\" aria-controls=\"elementor-tab-content-8288\" aria-expanded=\"false\">\n\t\t\t\t\t\t\t\t\t\t\t\t<span class=\"elementor-toggle-icon elementor-toggle-icon-left\" aria-hidden=\"true\">\n\t\t\t\t\t\t\t\t\t\t\t\t\t\t\t<span class=\"elementor-toggle-icon-closed\"><i class=\"fas fa-caret-right\"><\/i><\/span>\n\t\t\t\t\t\t\t\t<span class=\"elementor-toggle-icon-opened\"><i class=\"elementor-toggle-icon-opened fas fa-caret-up\"><\/i><\/span>\n\t\t\t\t\t\t\t\t\t\t\t\t\t<\/span>\n\t\t\t\t\t\t\t\t\t\t\t\t<a class=\"elementor-toggle-title\" tabindex=\"0\">Junta de San Andr\u00e9s<\/a>\n\t\t\t\t\t<\/div>\n\n\t\t\t\t\t<div id=\"elementor-tab-content-8288\" class=\"elementor-tab-content elementor-clearfix\" data-tab=\"8\" role=\"region\" aria-labelledby=\"elementor-tab-title-8288\"><p><span style=\"vertical-align: inherit;\"><span style=\"vertical-align: inherit;\">Esta Junta, se celebra al final del mes de Noviembre, y es una junta en la que nos juntamos la mayor\u00eda de hermanos, y donde destacan el n\u00famero y tipos de cantes, que en esta Junta se canta. <\/span><span style=\"vertical-align: inherit;\">Como dato anecd\u00f3tico hemos de resaltar que dos hermanos pertenecientes a la Corporaci\u00f3n, sus hijos nacieron en v\u00edsperas de la Junta de San Andres. <\/span><span style=\"vertical-align: inherit;\">Y llevan el nombre del ap\u00f3stol.<\/span><\/span><\/p><p><span style=\"vertical-align: inherit;\"><span style=\"vertical-align: inherit;\">Uno fue Jos\u00e9 Andr\u00e9s Rivas Bachot, hijo del querido y siempre recordado Jos\u00e9 Rivas Quintero \u00abEl chiquito Rivas\u00bb; <\/span><span style=\"vertical-align: inherit;\">y otro Alvaro de San Andr\u00e9s, hijo de nuestro hermano Jose Carlos Martin, sobrino de Mario Martin y nieto de Antonio Mart\u00edn.\u00a0<\/span><\/span><\/p><\/div>\n\t\t\t\t<\/div>\n\t\t\t\t\t\t\t<div class=\"elementor-toggle-item\">\n\t\t\t\t\t<div id=\"elementor-tab-title-8289\" class=\"elementor-tab-title\" data-tab=\"9\" role=\"button\" aria-controls=\"elementor-tab-content-8289\" aria-expanded=\"false\">\n\t\t\t\t\t\t\t\t\t\t\t\t<span class=\"elementor-toggle-icon elementor-toggle-icon-left\" aria-hidden=\"true\">\n\t\t\t\t\t\t\t\t\t\t\t\t\t\t\t<span class=\"elementor-toggle-icon-closed\"><i class=\"fas fa-caret-right\"><\/i><\/span>\n\t\t\t\t\t\t\t\t<span class=\"elementor-toggle-icon-opened\"><i class=\"elementor-toggle-icon-opened fas fa-caret-up\"><\/i><\/span>\n\t\t\t\t\t\t\t\t\t\t\t\t\t<\/span>\n\t\t\t\t\t\t\t\t\t\t\t\t<a class=\"elementor-toggle-title\" tabindex=\"0\">Junta de Navidad<\/a>\n\t\t\t\t\t<\/div>\n\n\t\t\t\t\t<div id=\"elementor-tab-content-8289\" class=\"elementor-tab-content elementor-clearfix\" data-tab=\"9\" role=\"region\" aria-labelledby=\"elementor-tab-title-8289\"><p>Esta Junta, se celebraba normalmente en festivo, cambi\u00e1ndose de fecha, seg\u00fan el calendario anual, pero siempre pr\u00f3ximo a la Natividad del Se\u00f1or. Es diferente a las dem\u00e1s, pues los villancicos, son los protagonistas; se instala un bel\u00e9n en un rinc\u00f3n del cuartel, y se adorna con detalles navide\u00f1os. \u00daltimamente, se viene celebrando al mediod\u00eda, por lo que \u00e9sta se alarga pr\u00e1cticamente hasta la noche, por lo que es frecuente visitar algunos belenes tradicionales. La pandereta, la botella de an\u00eds, y la celebraci\u00f3n del nacimiento del Salvador, son las aut\u00e9nticas estrellas de este d\u00eda. Esta es una Junta que todos esperamos con ansiedad, porque entre otras cosas, se acaba el a\u00f1o, aunque tambi\u00e9n esperamos que alg\u00fan premio de la loter\u00eda de Navidad, venga a parar alg\u00fan a\u00f1o a nuestra Corporaci\u00f3n.<\/p><\/div>\n\t\t\t\t<\/div>\n\t\t\t\t\t\t\t<div class=\"elementor-toggle-item\">\n\t\t\t\t\t<div id=\"elementor-tab-title-82810\" class=\"elementor-tab-title\" data-tab=\"10\" role=\"button\" aria-controls=\"elementor-tab-content-82810\" aria-expanded=\"false\">\n\t\t\t\t\t\t\t\t\t\t\t\t<span class=\"elementor-toggle-icon elementor-toggle-icon-left\" aria-hidden=\"true\">\n\t\t\t\t\t\t\t\t\t\t\t\t\t\t\t<span class=\"elementor-toggle-icon-closed\"><i class=\"fas fa-caret-right\"><\/i><\/span>\n\t\t\t\t\t\t\t\t<span class=\"elementor-toggle-icon-opened\"><i class=\"elementor-toggle-icon-opened fas fa-caret-up\"><\/i><\/span>\n\t\t\t\t\t\t\t\t\t\t\t\t\t<\/span>\n\t\t\t\t\t\t\t\t\t\t\t\t<a class=\"elementor-toggle-title\" tabindex=\"0\">Junta de la Candelaria<\/a>\n\t\t\t\t\t<\/div>\n\n\t\t\t\t\t<div id=\"elementor-tab-content-82810\" class=\"elementor-tab-content elementor-clearfix\" data-tab=\"10\" role=\"region\" aria-labelledby=\"elementor-tab-title-82810\"><p><b>La Candelaria<\/b>\u00a0es una fiesta popular celebrada por los\u00a0cat\u00f3licos, que celebra la\u00a0Presentaci\u00f3n de Jes\u00fas en el Templo, la Purificaci\u00f3n de la Virgen despu\u00e9s del parto\u00a0Es la junta que precede nuestra cuaresma, pues se viene celebrando el d\u00eda dos de Febrero, o fin de semana m\u00e1s pr\u00f3ximo. Tras la finalizaci\u00f3n por parte del hermano presidente de la Junta propiamente dicha, se entrega a todos los hermanos la tradicional rosquillas que desde 1.991, regalan los hermanos Joaqu\u00edn L\u00f3pez y Juan M. Granados, a la corporaci\u00f3n , aunque en estos \u00faltimos a\u00f1os, los hermanos Rosales (Miguel y Antonio), han aportado su granito de \u00abharina\u00bb; fotografi\u00e1ndose todos para recuerdo y constancia en los archivos de la Corporaci\u00f3n. Se entonan por \u00faltima vez cantes flamencos, pues la pr\u00f3xima junta, ser\u00e1 la de Cuaresma.<\/p><p>Destacamos de esta Junta, el n\u00famero de invitados que asisten a nuestro cuartel.<\/p><\/div>\n\t\t\t\t<\/div>\n\t\t\t\t\t\t\t<div class=\"elementor-toggle-item\">\n\t\t\t\t\t<div id=\"elementor-tab-title-82811\" class=\"elementor-tab-title\" data-tab=\"11\" role=\"button\" aria-controls=\"elementor-tab-content-82811\" aria-expanded=\"false\">\n\t\t\t\t\t\t\t\t\t\t\t\t<span class=\"elementor-toggle-icon elementor-toggle-icon-left\" aria-hidden=\"true\">\n\t\t\t\t\t\t\t\t\t\t\t\t\t\t\t<span class=\"elementor-toggle-icon-closed\"><i class=\"fas fa-caret-right\"><\/i><\/span>\n\t\t\t\t\t\t\t\t<span class=\"elementor-toggle-icon-opened\"><i class=\"elementor-toggle-icon-opened fas fa-caret-up\"><\/i><\/span>\n\t\t\t\t\t\t\t\t\t\t\t\t\t<\/span>\n\t\t\t\t\t\t\t\t\t\t\t\t<a class=\"elementor-toggle-title\" tabindex=\"0\">Juntas de Cuaresma<\/a>\n\t\t\t\t\t<\/div>\n\n\t\t\t\t\t<div id=\"elementor-tab-content-82811\" class=\"elementor-tab-content elementor-clearfix\" data-tab=\"11\" role=\"region\" aria-labelledby=\"elementor-tab-title-82811\"><p>Se celebra durante los seis s\u00e1bados de subida al Calvario, y congrega a todos los hermanos a fin de ir apurando las cuotas, tratar asuntos de importancia. En estas, queda prohibido todo tipo de cante, que no est\u00e9 acorde con los d\u00edas de Cuaresma y durante estos d\u00edas se toca habitualmente el tambor varias veces. Es de importancia y relevancia que una vez bajamos de hacer la penitencia ante la ermita de Nuestro Padre Jes\u00fas Nazareno, se lee el Evangelio, y el presidente da el honor a un hermano para subir la pata de nuestra Vieja Cuaresmera<\/p><\/div>\n\t\t\t\t<\/div>\n\t\t\t\t\t\t\t\t<\/div>\n\t\t\t\t\t\t<\/div>\n\t\t\t\t<\/div>\n\t\t\t\t\t<\/div>\n\t\t<\/div>\n\t\t\t\t\t<\/div>\n\t\t<\/section>\n\t\t\t\t<\/div>\n\t\t","protected":false},"excerpt":{"rendered":"<p>Juntas Anuales Como cualquier corporaci\u00f3n, los Ap\u00f3stoles tienen durante el a\u00f1o las Juntas Ordinarias, pero quiz\u00e1s seamos los que mantengamos m\u00e1s n\u00famero de ellas. Con el objeto de darlas a conocer, expongo a continuaci\u00f3n las Juntas correspondientes, con su nombre y el significado que tiene para nosotros. Hemos de reconocer, que antiguamente las juntas siempre [&hellip;]<\/p>\n","protected":false},"author":1,"featured_media":0,"parent":0,"menu_order":0,"comment_status":"closed","ping_status":"closed","template":"","meta":{"site-sidebar-layout":"no-sidebar","site-content-layout":"page-builder","ast-site-content-layout":"","site-content-style":"default","site-sidebar-style":"default","ast-global-header-display":"","ast-banner-title-visibility":"","ast-main-header-display":"","ast-hfb-above-header-display":"","ast-hfb-below-header-display":"","ast-hfb-mobile-header-display":"","site-post-title":"disabled","ast-breadcrumbs-content":"","ast-featured-img":"disabled","footer-sml-layout":"","theme-transparent-header-meta":"default","adv-header-id-meta":"","stick-header-meta":"","header-above-stick-meta":"","header-main-stick-meta":"","header-below-stick-meta":"","astra-migrate-meta-layouts":"default","ast-page-background-enabled":"default","ast-page-background-meta":{"desktop":{"background-color":"","background-image":"","background-repeat":"repeat","background-position":"center center","background-size":"auto","background-attachment":"scroll","background-type":"","background-media":"","overlay-type":"","overlay-color":"","overlay-opacity":"","overlay-gradient":""},"tablet":{"background-color":"","background-image":"","background-repeat":"repeat","background-position":"center center","background-size":"auto","background-attachment":"scroll","background-type":"","background-media":"","overlay-type":"","overlay-color":"","overlay-opacity":"","overlay-gradient":""},"mobile":{"background-color":"","background-image":"","background-repeat":"repeat","background-position":"center center","background-size":"auto","background-attachment":"scroll","background-type":"","background-media":"","overlay-type":"","overlay-color":"","overlay-opacity":"","overlay-gradient":""}},"ast-content-background-meta":{"desktop":{"background-color":"var(--ast-global-color-5)","background-image":"","background-repeat":"repeat","background-position":"center center","background-size":"auto","background-attachment":"scroll","background-type":"","background-media":"","overlay-type":"","overlay-color":"","overlay-opacity":"","overlay-gradient":""},"tablet":{"background-color":"var(--ast-global-color-5)","background-image":"","background-repeat":"repeat","background-position":"center center","background-size":"auto","background-attachment":"scroll","background-type":"","background-media":"","overlay-type":"","overlay-color":"","overlay-opacity":"","overlay-gradient":""},"mobile":{"background-color":"var(--ast-global-color-5)","background-image":"","background-repeat":"repeat","background-position":"center center","background-size":"auto","background-attachment":"scroll","background-type":"","background-media":"","overlay-type":"","overlay-color":"","overlay-opacity":"","overlay-gradient":""}},"footnotes":""},"wf_page_folders":[],"class_list":["post-54","page","type-page","status-publish","hentry"],"jetpack_sharing_enabled":true,"_links":{"self":[{"href":"https:\/\/losapostoles.org\/index.php\/wp-json\/wp\/v2\/pages\/54","targetHints":{"allow":["GET"]}}],"collection":[{"href":"https:\/\/losapostoles.org\/index.php\/wp-json\/wp\/v2\/pages"}],"about":[{"href":"https:\/\/losapostoles.org\/index.php\/wp-json\/wp\/v2\/types\/page"}],"author":[{"embeddable":true,"href":"https:\/\/losapostoles.org\/index.php\/wp-json\/wp\/v2\/users\/1"}],"replies":[{"embeddable":true,"href":"https:\/\/losapostoles.org\/index.php\/wp-json\/wp\/v2\/comments?post=54"}],"version-history":[{"count":10,"href":"https:\/\/losapostoles.org\/index.php\/wp-json\/wp\/v2\/pages\/54\/revisions"}],"predecessor-version":[{"id":4724,"href":"https:\/\/losapostoles.org\/index.php\/wp-json\/wp\/v2\/pages\/54\/revisions\/4724"}],"wp:attachment":[{"href":"https:\/\/losapostoles.org\/index.php\/wp-json\/wp\/v2\/media?parent=54"}],"wp:term":[{"taxonomy":"wf_page_folders","embeddable":true,"href":"https:\/\/losapostoles.org\/index.php\/wp-json\/wp\/v2\/wf_page_folders?post=54"}],"curies":[{"name":"wp","href":"https:\/\/api.w.org\/{rel}","templated":true}]}}