{"id":5440,"date":"2022-05-10T22:57:17","date_gmt":"2022-05-10T20:57:17","guid":{"rendered":"http:\/\/losapostoles.org\/?page_id=5440"},"modified":"2025-05-10T12:25:46","modified_gmt":"2025-05-10T10:25:46","slug":"figuras-2021-2029","status":"publish","type":"page","link":"https:\/\/losapostoles.org\/index.php\/turno-de-figuras\/figuras-2021-2029\/","title":{"rendered":"Figuras 2021-2029"},"content":{"rendered":"\t\t<div data-elementor-type=\"wp-page\" data-elementor-id=\"5440\" class=\"elementor elementor-5440\" data-elementor-post-type=\"page\">\n\t\t\t\t\t\t<section class=\"elementor-section elementor-top-section elementor-element elementor-element-4dc58550 elementor-section-boxed elementor-section-height-default elementor-section-height-default\" data-id=\"4dc58550\" data-element_type=\"section\" data-e-type=\"section\">\n\t\t\t\t\t\t<div class=\"elementor-container elementor-column-gap-default\">\n\t\t\t\t\t<div class=\"elementor-column elementor-col-100 elementor-top-column elementor-element elementor-element-7c6e1f85\" data-id=\"7c6e1f85\" data-element_type=\"column\" data-e-type=\"column\">\n\t\t\t<div class=\"elementor-widget-wrap elementor-element-populated\">\n\t\t\t\t\t\t<div class=\"elementor-element elementor-element-85d8c22 elementor-widget elementor-widget-text-editor\" data-id=\"85d8c22\" data-element_type=\"widget\" data-e-type=\"widget\" data-widget_type=\"text-editor.default\">\n\t\t\t\t<div class=\"elementor-widget-container\">\n\t\t\t\t\t\t\t\t\t<p>\u00a0<\/p><table style=\"font-weight: 400;\" width=\"102%\"><tbody><tr><td colspan=\"2\"><p><strong><span style=\"vertical-align: inherit;\"><span style=\"vertical-align: inherit;\">TURNOS DE FIGURAS 2021 &#8211;<\/span><\/span><\/strong><\/p><table width=\"108%\"><tbody><tr><td>\u00a0<\/td><\/tr><tr><td><span style=\"vertical-align: inherit;\"><span style=\"vertical-align: inherit;\">Turnos de Figura, donde se reflejan los hermanos que han vestido esos martirios. <\/span><span style=\"vertical-align: inherit;\">Rogamos disculpas, por los a\u00f1os que no figuran en los diferentes turnos, pero por unos u otros motivos, no figuran en los libros de actas. <\/span><span style=\"vertical-align: inherit;\">Independientemente del sorteo y salvo multa de 1 euro, los hermanos agraciados y con consentimiento mutuo pueden hacer cambios de ropaje.<\/span><\/span><\/td><\/tr><tr><td>\u00a0<\/td><\/tr><tr><td><table width=\"100%\"><tbody><tr><td width=\"25%\"><span style=\"vertical-align: inherit;\"><span style=\"vertical-align: inherit;\">\u00a0A\u00d1O 2.021<\/span><\/span><\/td><td width=\"25%\"><span style=\"vertical-align: inherit;\"><span style=\"vertical-align: inherit;\">Viernes Santo ma\u00f1ana<\/span><\/span><\/td><td width=\"25%\"><span style=\"vertical-align: inherit;\"><span style=\"vertical-align: inherit;\">Viernes Santo Tarde<\/span><\/span><\/td><td width=\"25%\"><span style=\"vertical-align: inherit;\"><span style=\"vertical-align: inherit;\">Domingo Resurrecci\u00f3n<\/span><\/span><\/td><\/tr><tr><td width=\"25%\"><strong><em><span style=\"vertical-align: inherit;\"><span style=\"vertical-align: inherit;\">San Pedro<\/span><\/span><\/em><\/strong><\/td><td width=\"25%\"><span style=\"vertical-align: inherit;\"><span style=\"vertical-align: inherit;\">No hubo por pandemia de Covid<br \/><\/span><\/span><\/td><td width=\"25%\"><span style=\"vertical-align: inherit;\"><span style=\"vertical-align: inherit;\">No hubo por pandemia de Covid<\/span><\/span><\/td><td width=\"25%\"><span style=\"vertical-align: inherit;\"><span style=\"vertical-align: inherit;\">No hubo por pandemia de Covid<\/span><\/span><\/td><\/tr><tr><td width=\"25%\"><strong><em><span style=\"vertical-align: inherit;\"><span style=\"vertical-align: inherit;\">San Andr\u00e9s<\/span><\/span><\/em><\/strong><\/td><td width=\"25%\"><span style=\"vertical-align: inherit;\"><span style=\"vertical-align: inherit;\">No hubo por pandemia de Covid<\/span><\/span><\/td><td width=\"25%\"><span style=\"vertical-align: inherit;\"><span style=\"vertical-align: inherit;\">No hubo por pandemia de Covid<\/span><\/span><\/td><td width=\"25%\"><span style=\"vertical-align: inherit;\"><span style=\"vertical-align: inherit;\">No hubo por pandemia de Covid<\/span><\/span><\/td><\/tr><tr><td width=\"25%\"><strong><em><span style=\"vertical-align: inherit;\"><span style=\"vertical-align: inherit;\">Santiago el Mayor<\/span><\/span><\/em><\/strong><\/td><td width=\"25%\"><span style=\"vertical-align: inherit;\"><span style=\"vertical-align: inherit;\">No hubo por pandemia de Covid<\/span><\/span><\/td><td width=\"25%\"><span style=\"vertical-align: inherit;\"><span style=\"vertical-align: inherit;\">No hubo por pandemia de Covid<\/span><\/span><\/td><td width=\"25%\"><span style=\"vertical-align: inherit;\"><span style=\"vertical-align: inherit;\">No hubo por pandemia de Covid<\/span><\/span><\/td><\/tr><tr><td width=\"25%\"><strong><em><span style=\"vertical-align: inherit;\"><span style=\"vertical-align: inherit;\">San Juan<\/span><\/span><\/em><\/strong><\/td><td width=\"25%\"><span style=\"vertical-align: inherit;\"><span style=\"vertical-align: inherit;\">No hubo por pandemia de Covid<\/span><\/span><\/td><td width=\"25%\"><span style=\"vertical-align: inherit;\"><span style=\"vertical-align: inherit;\">No hubo por pandemia de Covid<\/span><\/span><\/td><td width=\"25%\"><span style=\"vertical-align: inherit;\"><span style=\"vertical-align: inherit;\">No hubo por pandemia de Covid<\/span><\/span><\/td><\/tr><tr><td width=\"25%\"><strong><em><span style=\"vertical-align: inherit;\"><span style=\"vertical-align: inherit;\">Santo Tom\u00e1s<\/span><\/span><\/em><\/strong><\/td><td width=\"25%\"><span style=\"vertical-align: inherit;\"><span style=\"vertical-align: inherit;\">No hubo por pandemia de Covid<\/span><\/span><\/td><td width=\"25%\"><span style=\"vertical-align: inherit;\"><span style=\"vertical-align: inherit;\">No hubo por pandemia de Covid<\/span><\/span><\/td><td width=\"25%\"><span style=\"vertical-align: inherit;\"><span style=\"vertical-align: inherit;\">No hubo por pandemia de Covid<\/span><\/span><\/td><\/tr><tr><td width=\"25%\"><strong><em><span style=\"vertical-align: inherit;\"><span style=\"vertical-align: inherit;\">Santiago el menor<\/span><\/span><\/em><\/strong><\/td><td width=\"25%\"><span style=\"vertical-align: inherit;\"><span style=\"vertical-align: inherit;\">No hubo por pandemia de Covid<\/span><\/span><\/td><td width=\"25%\">No hubo por pandemia de Covid<\/td><td width=\"25%\"><span style=\"vertical-align: inherit;\"><span style=\"vertical-align: inherit;\">No hubo por pandemia de Covid<\/span><\/span><\/td><\/tr><tr><td width=\"25%\"><strong><em><span style=\"vertical-align: inherit;\"><span style=\"vertical-align: inherit;\">San Felipe<\/span><\/span><\/em><\/strong><\/td><td width=\"25%\"><span style=\"vertical-align: inherit;\"><span style=\"vertical-align: inherit;\">No hubo por pandemia de Covid<\/span><\/span><\/td><td width=\"25%\"><span style=\"vertical-align: inherit;\"><span style=\"vertical-align: inherit;\">No hubo por pandemia de Covid<\/span><\/span><\/td><td width=\"25%\"><span style=\"vertical-align: inherit;\"><span style=\"vertical-align: inherit;\">No hubo por pandemia de Covid<\/span><\/span><\/td><\/tr><tr><td width=\"25%\"><strong><em><span style=\"vertical-align: inherit;\"><span style=\"vertical-align: inherit;\">San Bartolom\u00e9<\/span><\/span><\/em><\/strong><\/td><td width=\"25%\"><span style=\"vertical-align: inherit;\"><span style=\"vertical-align: inherit;\">No hubo por pandemia de Covid<\/span><\/span><\/td><td width=\"25%\"><span style=\"vertical-align: inherit;\"><span style=\"vertical-align: inherit;\">No hubo por pandemia de Covid<\/span><\/span><\/td><td width=\"25%\"><span style=\"vertical-align: inherit;\"><span style=\"vertical-align: inherit;\">No hubo por pandemia de Covid<\/span><\/span><\/td><\/tr><tr><td width=\"25%\"><strong><em><span style=\"vertical-align: inherit;\"><span style=\"vertical-align: inherit;\">San Mateo<\/span><\/span><\/em><\/strong><\/td><td width=\"25%\"><span style=\"vertical-align: inherit;\"><span style=\"vertical-align: inherit;\">No hubo por pandemia de Covid<\/span><\/span><\/td><td width=\"25%\"><span style=\"vertical-align: inherit;\"><span style=\"vertical-align: inherit;\">No hubo por pandemia de Covid<\/span><\/span><\/td><td width=\"25%\"><span style=\"vertical-align: inherit;\"><span style=\"vertical-align: inherit;\">No hubo por pandemia de Covid<\/span><\/span><\/td><\/tr><tr><td width=\"25%\"><strong><em><span style=\"vertical-align: inherit;\"><span style=\"vertical-align: inherit;\">San Sim\u00f3n<\/span><\/span><\/em><\/strong><\/td><td width=\"25%\"><span style=\"vertical-align: inherit;\"><span style=\"vertical-align: inherit;\">No hubo por pandemia de Covid<\/span><\/span><\/td><td width=\"25%\"><span style=\"vertical-align: inherit;\"><span style=\"vertical-align: inherit;\">No hubo por pandemia de Covid<\/span><\/span><\/td><td width=\"25%\"><span style=\"vertical-align: inherit;\"><span style=\"vertical-align: inherit;\">No hubo por pandemia de Covid<\/span><\/span><\/td><\/tr><tr><td width=\"25%\"><strong><em><span style=\"vertical-align: inherit;\"><span style=\"vertical-align: inherit;\">San Judas Tadeo<\/span><\/span><\/em><\/strong><\/td><td width=\"25%\"><span style=\"vertical-align: inherit;\"><span style=\"vertical-align: inherit;\">No hubo por pandemia de Covid<\/span><\/span><\/td><td width=\"25%\"><span style=\"vertical-align: inherit;\"><span style=\"vertical-align: inherit;\">No hubo por pandemia de Covid<\/span><\/span><\/td><td width=\"25%\"><span style=\"vertical-align: inherit;\"><span style=\"vertical-align: inherit;\">No hubo por pandemia de Covid<\/span><\/span><\/td><\/tr><tr><td width=\"25%\"><strong><em><span style=\"vertical-align: inherit;\"><span style=\"vertical-align: inherit;\">San Mat\u00edas<\/span><\/span><\/em><\/strong><\/td><td width=\"25%\"><span style=\"vertical-align: inherit;\"><span style=\"vertical-align: inherit;\">No hubo por pandemia de Covid<\/span><\/span><\/td><td width=\"25%\">No hubo por pandemia de Covid<\/td><td width=\"25%\"><span style=\"vertical-align: inherit;\"><span style=\"vertical-align: inherit;\">No hubo por pandemia de Covid<\/span><\/span><\/td><\/tr><\/tbody><\/table><\/td><\/tr><tr><td>\u00a0<\/td><\/tr><tr><td><table width=\"100%\"><tbody><tr><td width=\"25%\"><span style=\"vertical-align: inherit;\"><span style=\"vertical-align: inherit;\">\u00a0A\u00d1O 2.022<\/span><\/span><\/td><td width=\"25%\"><span style=\"vertical-align: inherit;\"><span style=\"vertical-align: inherit;\">Viernes Santo ma\u00f1ana<\/span><\/span><\/td><td width=\"25%\"><span style=\"vertical-align: inherit;\"><span style=\"vertical-align: inherit;\">Viernes Santo Tarde<\/span><\/span><\/td><td width=\"25%\"><span style=\"vertical-align: inherit;\"><span style=\"vertical-align: inherit;\">Domingo Resurrecci\u00f3n<\/span><\/span><\/td><\/tr><tr><td width=\"25%\"><strong><em><span style=\"vertical-align: inherit;\"><span style=\"vertical-align: inherit;\">San Pedro<\/span><\/span><\/em><\/strong><\/td><td width=\"25%\"><span style=\"vertical-align: inherit;\"><span style=\"vertical-align: inherit;\">Jos\u00e9 Lu\u00eds Andujar Hurtado<br \/><\/span><\/span><\/td><td width=\"25%\"><span style=\"vertical-align: inherit;\"><span style=\"vertical-align: inherit;\">Jose Angel Cerezo Mu\u00f1oz<br \/><\/span><\/span><\/td><td width=\"25%\"><span style=\"vertical-align: inherit;\"><span style=\"vertical-align: inherit;\">Manuel Cejudo Mor\u00f3n<br \/><\/span><\/span><\/td><\/tr><tr><td width=\"25%\"><strong><em><span style=\"vertical-align: inherit;\"><span style=\"vertical-align: inherit;\">San Andr\u00e9s<\/span><\/span><\/em><\/strong><\/td><td width=\"25%\"><span style=\"vertical-align: inherit;\"><span style=\"vertical-align: inherit;\">Antonio D\u00edaz Morales<\/span><\/span><\/td><td width=\"25%\"><span style=\"vertical-align: inherit;\"><span style=\"vertical-align: inherit;\">Francisco Javier Merino Gil<br \/><\/span><\/span><\/td><td width=\"25%\"><span style=\"vertical-align: inherit;\"><span style=\"vertical-align: inherit;\">Francisco J. Morales Cabello<\/span><\/span><\/td><\/tr><tr><td width=\"25%\"><strong><em><span style=\"vertical-align: inherit;\"><span style=\"vertical-align: inherit;\">Santiago el Mayor<\/span><\/span><\/em><\/strong><\/td><td width=\"25%\"><span style=\"vertical-align: inherit;\"><span style=\"vertical-align: inherit;\">Jos\u00e9 Mu\u00f1oz Aguilar<\/span><\/span><\/td><td width=\"25%\"><span style=\"vertical-align: inherit;\"><span style=\"vertical-align: inherit;\">Miguel Jimenez Galvez<br \/><\/span><\/span><\/td><td width=\"25%\"><span style=\"vertical-align: inherit;\"><span style=\"vertical-align: inherit;\">Jos\u00e9 Mu\u00f1oz Aguilar<\/span><\/span><\/td><\/tr><tr><td width=\"25%\"><strong><em><span style=\"vertical-align: inherit;\"><span style=\"vertical-align: inherit;\">San Juan<\/span><\/span><\/em><\/strong><\/td><td width=\"25%\"><span style=\"vertical-align: inherit;\"><span style=\"vertical-align: inherit;\">Juan Miguel Granados Morillo<br \/><\/span><\/span><\/td><td width=\"25%\"><span style=\"vertical-align: inherit;\"><span style=\"vertical-align: inherit;\">Jos\u00e9 Lu\u00eds Reina Aranda<br \/><\/span><\/span><\/td><td width=\"25%\"><span style=\"vertical-align: inherit;\"><span style=\"vertical-align: inherit;\">Esteban Morales<br \/><\/span><\/span><\/td><\/tr><tr><td width=\"25%\"><strong><em><span style=\"vertical-align: inherit;\"><span style=\"vertical-align: inherit;\">Santo Tom\u00e1s<\/span><\/span><\/em><\/strong><\/td><td width=\"25%\"><span style=\"vertical-align: inherit;\"><span style=\"vertical-align: inherit;\">Antonio Jes\u00fas Rivas<br \/><\/span><\/span><\/td><td width=\"25%\"><span style=\"vertical-align: inherit;\"><span style=\"vertical-align: inherit;\">Antonio Jes\u00fas Rivas Ru\u00edz<br \/><\/span><\/span><\/td><td width=\"25%\"><span style=\"vertical-align: inherit;\"><span style=\"vertical-align: inherit;\">Antonio Mart\u00edn Flores<\/span><\/span><\/td><\/tr><tr><td width=\"25%\"><strong><em><span style=\"vertical-align: inherit;\"><span style=\"vertical-align: inherit;\">Santiago el menor<\/span><\/span><\/em><\/strong><\/td><td width=\"25%\"><span style=\"vertical-align: inherit;\"><span style=\"vertical-align: inherit;\">Manuel Cejudo Mor\u00f3n<br \/><\/span><\/span><\/td><td width=\"25%\"><span style=\"vertical-align: inherit;\"><span style=\"vertical-align: inherit;\">Zoilo Espa\u00f1a Cabello<br \/><\/span><\/span><\/td><td width=\"25%\"><span style=\"vertical-align: inherit;\"><span style=\"vertical-align: inherit;\">Antonio Jes\u00fas Rivas Ru\u00edz<\/span><\/span><\/td><\/tr><tr><td width=\"25%\"><strong><em><span style=\"vertical-align: inherit;\"><span style=\"vertical-align: inherit;\">San Felipe<\/span><\/span><\/em><\/strong><\/td><td width=\"25%\"><span style=\"vertical-align: inherit;\"><span style=\"vertical-align: inherit;\">Jos\u00e9 Ram\u00f3n Matas Pastor<br \/><\/span><\/span><\/td><td width=\"25%\"><span style=\"vertical-align: inherit;\"><span style=\"vertical-align: inherit;\">Jos\u00e9 Ram\u00f3n Matas Pasto<\/span><\/span><\/td><td width=\"25%\">Javier Gil Delgado<\/td><\/tr><tr><td width=\"25%\"><strong><em><span style=\"vertical-align: inherit;\"><span style=\"vertical-align: inherit;\">San Bartolom\u00e9<\/span><\/span><\/em><\/strong><\/td><td width=\"25%\"><span style=\"vertical-align: inherit;\"><span style=\"vertical-align: inherit;\">Miguel Fern\u00e1ndez Arroyo<br \/><\/span><\/span><\/td><td width=\"25%\"><span style=\"vertical-align: inherit;\"><span style=\"vertical-align: inherit;\">Antonio Rosales Ortega<\/span><\/span><\/td><td width=\"25%\"><span style=\"vertical-align: inherit;\"><span style=\"vertical-align: inherit;\">David Cuenca Mor\u00f3n<br \/><\/span><\/span><\/td><\/tr><tr><td width=\"25%\"><strong><em><span style=\"vertical-align: inherit;\"><span style=\"vertical-align: inherit;\">San Mateo<\/span><\/span><\/em><\/strong><\/td><td width=\"25%\"><span style=\"vertical-align: inherit;\"><span style=\"vertical-align: inherit;\">Manuel Calzado Baena<br \/><\/span><\/span><\/td><td width=\"25%\"><span style=\"vertical-align: inherit;\"><span style=\"vertical-align: inherit;\">Rafael Moyano Ledesma<\/span><\/span><\/td><td width=\"25%\"><span style=\"vertical-align: inherit;\"><span style=\"vertical-align: inherit;\">Antonio Estepa P\u00e9rez<br \/><\/span><\/span><\/td><\/tr><tr><td width=\"25%\"><strong><em><span style=\"vertical-align: inherit;\"><span style=\"vertical-align: inherit;\">San Sim\u00f3n<\/span><\/span><\/em><\/strong><\/td><td width=\"25%\"><span style=\"vertical-align: inherit;\"><span style=\"vertical-align: inherit;\">Miguel Angel Mart\u00edn Palos<br \/><\/span><\/span><\/td><td width=\"25%\"><span style=\"vertical-align: inherit;\"><span style=\"vertical-align: inherit;\">Alvaro Mart\u00edn Rosales<br \/><\/span><\/span><\/td><td width=\"25%\"><span style=\"vertical-align: inherit;\"><span style=\"vertical-align: inherit;\">Antonio G\u00f3mez L\u00f3pez<\/span><\/span><\/td><\/tr><tr><td width=\"25%\"><strong><em><span style=\"vertical-align: inherit;\"><span style=\"vertical-align: inherit;\">San Judas Tadeo<\/span><\/span><\/em><\/strong><\/td><td width=\"25%\"><span style=\"vertical-align: inherit;\"><span style=\"vertical-align: inherit;\">\u00c1ngel Serrano P\u00e9rez<\/span><\/span><\/td><td width=\"25%\"><span style=\"vertical-align: inherit;\"><span style=\"vertical-align: inherit;\">Paco Lavado L\u00f3pez<br \/><\/span><\/span><\/td><td width=\"25%\"><span style=\"vertical-align: inherit;\"><span style=\"vertical-align: inherit;\">Jos\u00e9 Lu\u00eds Andujar Hurtado<br \/><\/span><\/span><\/td><\/tr><tr><td width=\"25%\"><strong><em><span style=\"vertical-align: inherit;\"><span style=\"vertical-align: inherit;\">San Mat\u00edas<\/span><\/span><\/em><\/strong><\/td><td width=\"25%\"><span style=\"vertical-align: inherit;\"><span style=\"vertical-align: inherit;\">Francisco J. G\u00f3mez L\u00f3pez<\/span><\/span><\/td><td width=\"25%\">Javier Gil Delgado<\/td><td width=\"25%\"><span style=\"vertical-align: inherit;\"><span style=\"vertical-align: inherit;\">Antonio Cejudo Cabello<\/span><\/span><\/td><\/tr><\/tbody><\/table><table width=\"100%\"><tbody><tr><td width=\"25%\"><span style=\"vertical-align: inherit;\"><span style=\"vertical-align: inherit;\">\u00a0A\u00d1O 2.023<\/span><\/span><\/td><td width=\"25%\"><span style=\"vertical-align: inherit;\"><span style=\"vertical-align: inherit;\">Viernes Santo ma\u00f1ana<\/span><\/span><\/td><td width=\"25%\"><span style=\"vertical-align: inherit;\"><span style=\"vertical-align: inherit;\">Viernes Santo Tarde<\/span><\/span><\/td><td width=\"25%\"><span style=\"vertical-align: inherit;\"><span style=\"vertical-align: inherit;\">Domingo Resurrecci\u00f3n<\/span><\/span><\/td><\/tr><tr><td width=\"25%\"><strong><em><span style=\"vertical-align: inherit;\"><span style=\"vertical-align: inherit;\">San Pedro<\/span><\/span><\/em><\/strong><\/td><td width=\"25%\"><span style=\"vertical-align: inherit;\"><span style=\"vertical-align: inherit;\">\u00a0Miguel \u00c1ngel Mart\u00edn Palos<\/span><\/span><\/td><td width=\"25%\"><span style=\"vertical-align: inherit;\"><span style=\"vertical-align: inherit;\">\u00a0Miguel J. Fern\u00e1ndez Arroyo<\/span><\/span><\/td><td width=\"25%\"><span style=\"vertical-align: inherit;\"><span style=\"vertical-align: inherit;\">\u00a0\u00c1lvaro de San Andr\u00e9s Mart\u00edn R.<\/span><\/span><\/td><\/tr><tr><td width=\"25%\"><strong><em><span style=\"vertical-align: inherit;\"><span style=\"vertical-align: inherit;\">San Andr\u00e9s<\/span><\/span><\/em><\/strong><\/td><td width=\"25%\">\u00c1lvaro de San Andr\u00e9s Mart\u00edn R.<\/td><td width=\"25%\"><span style=\"vertical-align: inherit;\"><span style=\"vertical-align: inherit;\">\u00a0Javier Gil Delgado<\/span><\/span><\/td><td width=\"25%\">Miguel J. Fern\u00e1ndez Arroyo<\/td><\/tr><tr><td width=\"25%\"><strong><em><span style=\"vertical-align: inherit;\"><span style=\"vertical-align: inherit;\">Santiago el Mayor<\/span><\/span><\/em><\/strong><\/td><td width=\"25%\">Antonio Jes\u00fas Rivas Ru\u00edz<\/td><td width=\"25%\"><span style=\"vertical-align: inherit;\"><span style=\"vertical-align: inherit;\">\u00a0Jos\u00e9 Mu\u00f1oz Aguilar<\/span><\/span><\/td><td width=\"25%\">Jos\u00e9 Mu\u00f1oz Aguilar<\/td><\/tr><tr><td width=\"25%\"><strong><em><span style=\"vertical-align: inherit;\"><span style=\"vertical-align: inherit;\">San Juan<\/span><\/span><\/em><\/strong><\/td><td width=\"25%\">Antonio Estepa P\u00e9rez<\/td><td width=\"25%\">Jos\u00e9 \u00c1ngel Cerezo Mu\u00f1oz<\/td><td width=\"25%\">Gregorio Carmona Campos<\/td><\/tr><tr><td width=\"25%\"><strong><em><span style=\"vertical-align: inherit;\"><span style=\"vertical-align: inherit;\">Santo Tom\u00e1s<\/span><\/span><\/em><\/strong><\/td><td width=\"25%\">Jos\u00e9 Lu\u00eds And\u00fajar Gil<\/td><td width=\"25%\">Esteban Morales S\u00e1nchez<\/td><td width=\"25%\">Jos\u00e9 Carlos Mart\u00edn Cabezas<\/td><\/tr><tr><td width=\"25%\"><strong><em><span style=\"vertical-align: inherit;\"><span style=\"vertical-align: inherit;\">Santiago el menor<\/span><\/span><\/em><\/strong><\/td><td width=\"25%\">Miguel Jim\u00e9nez G\u00e1lvez<\/td><td width=\"25%\">Javier Merino Gil<\/td><td width=\"25%\">Antonio Cejudo Cabello<\/td><\/tr><tr><td width=\"25%\"><strong><em><span style=\"vertical-align: inherit;\"><span style=\"vertical-align: inherit;\">San Felipe<\/span><\/span><\/em><\/strong><\/td><td width=\"25%\">David Cuenca Mor\u00f3n<\/td><td width=\"25%\">Jos\u00e9 Lu\u00eds And\u00fajar Hurtado<\/td><td width=\"25%\">Miguel Jim\u00e9nez G\u00e1lvez<\/td><\/tr><tr><td width=\"25%\"><strong><em><span style=\"vertical-align: inherit;\"><span style=\"vertical-align: inherit;\">San Bartolom\u00e9<\/span><\/span><\/em><\/strong><\/td><td width=\"25%\">Francisco J. Morales\u00a0 Cabello<\/td><td width=\"25%\">Antonio G\u00f3mez L\u00f3pez<\/td><td width=\"25%\">Paco Lavado L\u00f3pez<\/td><\/tr><tr><td width=\"25%\"><strong><em><span style=\"vertical-align: inherit;\"><span style=\"vertical-align: inherit;\">San Mateo<\/span><\/span><\/em><\/strong><\/td><td width=\"25%\">Antonio Mendoza Rivas<\/td><td width=\"25%\">Manuel Calzado Baena<\/td><td width=\"25%\">Manuel Calzado Baena<\/td><\/tr><tr><td width=\"25%\"><strong><em><span style=\"vertical-align: inherit;\"><span style=\"vertical-align: inherit;\">San Sim\u00f3n<\/span><\/span><\/em><\/strong><\/td><td width=\"25%\">Miguel \u00c1ngel Mart\u00edn Ru\u00edz<\/td><td width=\"25%\">Miguel \u00c1ngel Mart\u00edn Ru\u00edz<\/td><td width=\"25%\">Jos\u00e9 Lu\u00eds Reina Aranda<\/td><\/tr><tr><td width=\"25%\"><strong><em><span style=\"vertical-align: inherit;\"><span style=\"vertical-align: inherit;\">San Judas Tadeo<\/span><\/span><\/em><\/strong><\/td><td width=\"25%\">\u00c1ngel Serrano P\u00e9rez<\/td><td width=\"25%\">Manuel Cejudo Mor\u00f3n<\/td><td width=\"25%\">Francisco J. Morales Cabello<\/td><\/tr><tr><td width=\"25%\"><strong><em><span style=\"vertical-align: inherit;\"><span style=\"vertical-align: inherit;\">San Mat\u00edas<\/span><\/span><\/em><\/strong><\/td><td width=\"25%\">Jos\u00e9 Carlos Mart\u00edn Cabezas<\/td><td width=\"25%\">Francisco Javier G\u00f3mez L\u00f3pez<\/td><td width=\"25%\">Javier Gil Delgado<\/td><\/tr><\/tbody><\/table><table width=\"100%\"><tbody><tr><td width=\"25%\"><span style=\"vertical-align: inherit;\"><span style=\"vertical-align: inherit;\">\u00a0A\u00d1O 2.024<\/span><\/span><\/td><td width=\"25%\"><span style=\"vertical-align: inherit;\"><span style=\"vertical-align: inherit;\">Viernes Santo ma\u00f1ana<\/span><\/span><\/td><td width=\"25%\"><span style=\"vertical-align: inherit;\"><span style=\"vertical-align: inherit;\">Viernes Santo Tarde<\/span><\/span><\/td><td width=\"25%\"><span style=\"vertical-align: inherit;\"><span style=\"vertical-align: inherit;\">Domingo Resurrecci\u00f3n<\/span><\/span><\/td><\/tr><tr><td width=\"25%\"><strong><em><span style=\"vertical-align: inherit;\"><span style=\"vertical-align: inherit;\">San Pedro<\/span><\/span><\/em><\/strong><\/td><td width=\"25%\"><span style=\"vertical-align: inherit;\"><span style=\"vertical-align: inherit;\">No hubo procesi\u00f3n por lluvia<\/span><\/span><\/td><td width=\"25%\"><span style=\"vertical-align: inherit;\"><span style=\"vertical-align: inherit;\"> No hubo procesi\u00f3n por lluvia<\/span><\/span><\/td><td width=\"25%\"><span style=\"vertical-align: inherit;\"><span style=\"vertical-align: inherit;\"> No hubo procesi\u00f3n por lluvia<\/span><\/span><\/td><\/tr><tr><td width=\"25%\"><strong><em><span style=\"vertical-align: inherit;\"><span style=\"vertical-align: inherit;\">San Andr\u00e9s<\/span><\/span><\/em><\/strong><\/td><td width=\"25%\"><span style=\"vertical-align: inherit;\">No hubo procesi\u00f3n por lluvia<\/span><\/td><td width=\"25%\"><span style=\"vertical-align: inherit;\"><span style=\"vertical-align: inherit;\"> No hubo procesi\u00f3n por lluvia<\/span><\/span><\/td><td width=\"25%\"><span style=\"vertical-align: inherit;\">No hubo procesi\u00f3n por lluvia<\/span><\/td><\/tr><tr><td width=\"25%\"><strong><em><span style=\"vertical-align: inherit;\"><span style=\"vertical-align: inherit;\">Santiago el Mayor<\/span><\/span><\/em><\/strong><\/td><td width=\"25%\"><span style=\"vertical-align: inherit;\">No hubo procesi\u00f3n por lluvia<\/span><\/td><td width=\"25%\"><span style=\"vertical-align: inherit;\"><span style=\"vertical-align: inherit;\"> No hubo procesi\u00f3n por lluvia<\/span><\/span><\/td><td width=\"25%\"><span style=\"vertical-align: inherit;\">No hubo procesi\u00f3n por lluvia<\/span><\/td><\/tr><tr><td width=\"25%\"><strong><em><span style=\"vertical-align: inherit;\"><span style=\"vertical-align: inherit;\">San Juan<\/span><\/span><\/em><\/strong><\/td><td width=\"25%\"><span style=\"vertical-align: inherit;\">No hubo procesi\u00f3n por lluvia<\/span><\/td><td width=\"25%\"><span style=\"vertical-align: inherit;\">No hubo procesi\u00f3n por lluvia<\/span><\/td><td width=\"25%\"><span style=\"vertical-align: inherit;\">No hubo procesi\u00f3n por lluvia<\/span><\/td><\/tr><tr><td width=\"25%\"><strong><em><span style=\"vertical-align: inherit;\"><span style=\"vertical-align: inherit;\">Santo Tom\u00e1s<\/span><\/span><\/em><\/strong><\/td><td width=\"25%\"><span style=\"vertical-align: inherit;\">No hubo procesi\u00f3n por lluvia<\/span><\/td><td width=\"25%\"><span style=\"vertical-align: inherit;\">No hubo procesi\u00f3n por lluvia<\/span><\/td><td width=\"25%\"><span style=\"vertical-align: inherit;\">No hubo procesi\u00f3n por lluvia<\/span><\/td><\/tr><tr><td width=\"25%\"><strong><em><span style=\"vertical-align: inherit;\"><span style=\"vertical-align: inherit;\">Santiago el menor<\/span><\/span><\/em><\/strong><\/td><td width=\"25%\"><span style=\"vertical-align: inherit;\">No hubo procesi\u00f3n por lluvia<\/span><\/td><td width=\"25%\"><span style=\"vertical-align: inherit;\">No hubo procesi\u00f3n por lluvia<\/span><\/td><td width=\"25%\"><span style=\"vertical-align: inherit;\">No hubo procesi\u00f3n por lluvia<\/span><\/td><\/tr><tr><td width=\"25%\"><strong><em><span style=\"vertical-align: inherit;\"><span style=\"vertical-align: inherit;\">San Felipe<\/span><\/span><\/em><\/strong><\/td><td width=\"25%\"><span style=\"vertical-align: inherit;\">No hubo procesi\u00f3n por lluvia<\/span><\/td><td width=\"25%\"><span style=\"vertical-align: inherit;\">No hubo procesi\u00f3n por lluvia<\/span><\/td><td width=\"25%\"><span style=\"vertical-align: inherit;\">No hubo procesi\u00f3n por lluvia<\/span><\/td><\/tr><tr><td width=\"25%\"><strong><em><span style=\"vertical-align: inherit;\"><span style=\"vertical-align: inherit;\">San Bartolom\u00e9<\/span><\/span><\/em><\/strong><\/td><td width=\"25%\"><span style=\"vertical-align: inherit;\">No hubo procesi\u00f3n por lluvia<\/span><\/td><td width=\"25%\"><span style=\"vertical-align: inherit;\">No hubo procesi\u00f3n por lluvia<\/span><\/td><td width=\"25%\"><span style=\"vertical-align: inherit;\">No hubo procesi\u00f3n por lluvia<\/span><\/td><\/tr><tr><td width=\"25%\"><strong><em><span style=\"vertical-align: inherit;\"><span style=\"vertical-align: inherit;\">San Mateo<\/span><\/span><\/em><\/strong><\/td><td width=\"25%\"><span style=\"vertical-align: inherit;\">No hubo procesi\u00f3n por lluvia<\/span><\/td><td width=\"25%\"><span style=\"vertical-align: inherit;\">No hubo procesi\u00f3n por lluvia<\/span><\/td><td width=\"25%\"><span style=\"vertical-align: inherit;\">No hubo procesi\u00f3n por lluvia<\/span><\/td><\/tr><tr><td width=\"25%\"><strong><em><span style=\"vertical-align: inherit;\"><span style=\"vertical-align: inherit;\">San Sim\u00f3n<\/span><\/span><\/em><\/strong><\/td><td width=\"25%\"><span style=\"vertical-align: inherit;\">No hubo procesi\u00f3n por lluvia<\/span><\/td><td width=\"25%\"><span style=\"vertical-align: inherit;\">No hubo procesi\u00f3n por lluvia<\/span><\/td><td width=\"25%\"><span style=\"vertical-align: inherit;\">No hubo procesi\u00f3n por lluvia<\/span><\/td><\/tr><tr><td width=\"25%\"><strong><em><span style=\"vertical-align: inherit;\"><span style=\"vertical-align: inherit;\">San Judas Tadeo<\/span><\/span><\/em><\/strong><\/td><td width=\"25%\"><span style=\"vertical-align: inherit;\">No hubo procesi\u00f3n por lluvia<\/span><\/td><td width=\"25%\"><span style=\"vertical-align: inherit;\">No hubo procesi\u00f3n por lluvia<\/span><\/td><td width=\"25%\"><span style=\"vertical-align: inherit;\">No hubo procesi\u00f3n por lluvia<\/span><\/td><\/tr><tr><td width=\"25%\"><strong><em><span style=\"vertical-align: inherit;\"><span style=\"vertical-align: inherit;\">San Mat\u00edas<\/span><\/span><\/em><\/strong><\/td><td width=\"25%\"><span style=\"vertical-align: inherit;\">No hubo procesi\u00f3n por lluvia<\/span><\/td><td width=\"25%\"><span style=\"vertical-align: inherit;\">No hubo procesi\u00f3n por lluvia<\/span><\/td><td width=\"25%\"><span style=\"vertical-align: inherit;\">No hubo procesi\u00f3n por lluvia<\/span><\/td><\/tr><\/tbody><\/table><\/td><\/tr><\/tbody><\/table><\/td><\/tr><\/tbody><\/table>\t\t\t\t\t\t\t\t<\/div>\n\t\t\t\t<\/div>\n\t\t\t\t\t<\/div>\n\t\t<\/div>\n\t\t\t\t\t<\/div>\n\t\t<\/section>\n\t\t\t\t<section class=\"elementor-section elementor-top-section elementor-element elementor-element-39ad191 elementor-section-boxed elementor-section-height-default elementor-section-height-default\" data-id=\"39ad191\" data-element_type=\"section\" data-e-type=\"section\">\n\t\t\t\t\t\t<div class=\"elementor-container elementor-column-gap-default\">\n\t\t\t\t\t<div class=\"elementor-column elementor-col-100 elementor-top-column elementor-element elementor-element-f11c4ed\" data-id=\"f11c4ed\" data-element_type=\"column\" data-e-type=\"column\">\n\t\t\t<div class=\"elementor-widget-wrap elementor-element-populated\">\n\t\t\t\t\t\t<div class=\"elementor-element elementor-element-dee337a elementor-widget elementor-widget-shortcode\" data-id=\"dee337a\" data-element_type=\"widget\" data-e-type=\"widget\" data-widget_type=\"shortcode.default\">\n\t\t\t\t<div class=\"elementor-widget-container\">\n\t\t\t\t\t\t\t<div class=\"elementor-shortcode\">\n<table id=\"tablepress-8\" class=\"tablepress tablepress-id-8\">\n<thead>\n<tr class=\"row-1\">\n\t<th class=\"column-1\"><strong>A\u00d1O 2025<\/strong><\/th><th class=\"column-2\"><strong>Viernes Santo Ma\u00f1ana<\/strong><\/th><th class=\"column-3\"><strong>Viernes Santo tarde<\/strong><\/th><th class=\"column-4\"><strong>Domingo de Resurrecci\u00f3n<\/strong><\/th>\n<\/tr>\n<\/thead>\n<tbody class=\"row-striping row-hover\">\n<tr class=\"row-2\">\n\t<td class=\"column-1\"><strong>San Pedro:<\/strong><\/td><td class=\"column-2\">Antonio M. Estepa P\u00e9rez <\/td><td class=\"column-3\">Antonio J. Rivas Ruiz<\/td><td class=\"column-4\">Antonio M. Bogas Zamora<\/td>\n<\/tr>\n<tr class=\"row-3\">\n\t<td class=\"column-1\"><strong>San Andr\u00e9s<\/strong><\/td><td class=\"column-2\">\u00c1lvaro Mart\u00edn Rosales<\/td><td class=\"column-3\">Manuel Cejudo Mor\u00f3n <\/td><td class=\"column-4\">Sergio Gonz\u00e1lez Velasco<\/td>\n<\/tr>\n<tr class=\"row-4\">\n\t<td class=\"column-1\"><strong>Santiago El Mayor:<\/strong><\/td><td class=\"column-2\">Francisco Lavado L\u00f3pez<\/td><td class=\"column-3\">Jos\u00e9 Mu\u00f1oz Aguilar \/David Cuenca M,<\/td><td class=\"column-4\">Javier Gil Delgado <\/td>\n<\/tr>\n<tr class=\"row-5\">\n\t<td class=\"column-1\"><strong>San Juan<\/strong><\/td><td class=\"column-2\">Antonio M. Bogas Zamora<\/td><td class=\"column-3\">Antonio M. Bogas Zamora <\/td><td class=\"column-4\">Francisco J. G\u00f3mez L\u00f3pez <\/td>\n<\/tr>\n<tr class=\"row-6\">\n\t<td class=\"column-1\"><strong>Santo Tom\u00e1s:<\/strong><\/td><td class=\"column-2\">Gregorio Carmona Campos<\/td><td class=\"column-3\">Mario Mart\u00edn Cabezas<\/td><td class=\"column-4\">Antonio Rosales Ortega<\/td>\n<\/tr>\n<tr class=\"row-7\">\n\t<td class=\"column-1\"><strong>Santiago El Menor:<\/strong><\/td><td class=\"column-2\">Esteban Morales S\u00e1nchez<\/td><td class=\"column-3\">Jer\u00f3nimo Mart\u00edn Palos<\/td><td class=\"column-4\">Francisco Javier Merino Gil <\/td>\n<\/tr>\n<tr class=\"row-8\">\n\t<td class=\"column-1\"><strong>San Felipe:<\/strong><\/td><td class=\"column-2\">Miguel A. Mart\u00edn Ruiz<\/td><td class=\"column-3\">Miguel A. Mart\u00edn Palos <\/td><td class=\"column-4\">Miguel Jim\u00e9nez G\u00e1lvez<\/td>\n<\/tr>\n<tr class=\"row-9\">\n\t<td class=\"column-1\"><strong>San Bartolom\u00e9<\/strong><\/td><td class=\"column-2\">\u00c1ngel Serrano P\u00e9rez<\/td><td class=\"column-3\">Zoilo Espa\u00f1a Aguilar <\/td><td class=\"column-4\">Jos\u00e9 A. Cerezo Mu\u00f1oz <\/td>\n<\/tr>\n<tr class=\"row-10\">\n\t<td class=\"column-1\"><strong>San Mateo:<\/strong><\/td><td class=\"column-2\">Francisco S. Morales Cabello <\/td><td class=\"column-3\">Miguel Rosales Ortega<\/td><td class=\"column-4\">Miguel A. Mart\u00edn Palos<\/td>\n<\/tr>\n<tr class=\"row-11\">\n\t<td class=\"column-1\"><strong>San Sim\u00f3n:<\/strong><\/td><td class=\"column-2\">Miguel Jim\u00e9nez G\u00e1lvez<\/td><td class=\"column-3\">Javier Gil Delgado<\/td><td class=\"column-4\">Antonio J. Rivas Ruiz<\/td>\n<\/tr>\n<tr class=\"row-12\">\n\t<td class=\"column-1\"><strong>San Judas Tadeo: <\/strong><\/td><td class=\"column-2\">Sergio Gonz\u00e1lez Velasco <\/td><td class=\"column-3\">Sergio Gonz\u00e1lez Velasco <\/td><td class=\"column-4\">Miguel J. Fern\u00e1ndez Arroyo<\/td>\n<\/tr>\n<tr class=\"row-13\">\n\t<td class=\"column-1\"><strong>San Mat\u00edas:<\/strong><\/td><td class=\"column-2\">Manuel Calzado Baena<\/td><td class=\"column-3\">Jos\u00e9 Carlos Mart\u00edn Cabezas <\/td><td class=\"column-4\">Manuel Cejudo Mor\u00f3n<\/td>\n<\/tr>\n<tr class=\"row-14\">\n\t<td class=\"column-1\"><strong>Nicodemo<\/strong><\/td><td class=\"column-2\"><span style=\"color:#FF0000;\">Miguel Fern\u00e1ndez G\u00f3ngora<\/span><\/td><td class=\"column-3\"><span style=\"color:#FF0000;\">Antonio Rosales P\u00e9rez<\/span><\/td><td class=\"column-4\"><span style=\"color:#FF0000;\">Marcos Merino G\u00e1lvez<\/span><\/td>\n<\/tr>\n<tr class=\"row-15\">\n\t<td class=\"column-1\"><strong>Jos\u00e9 de Arimatea<\/strong><\/td><td class=\"column-2\"><span style=\"color:#FF0000;\">Gonzalo Mendoza L\u00f3pez.<\/span><\/td><td class=\"column-3\"><span style=\"color:#FF0000;\">Rafael Su\u00e1rez Fern\u00e1ndez<\/span><\/td><td class=\"column-4\"><span style=\"color:#FF0000;\">Javier Ruiz Cejudo<\/span><\/td>\n<\/tr>\n<tr class=\"row-16\">\n\t<td class=\"column-1\"><strong>Rebateo 1<\/strong><\/td><td class=\"column-2\">Pablo Carmona Franco<\/td><td class=\"column-3\">Manuel Arroyo Florido<\/td><td class=\"column-4\">Pablo Carmona Franco<\/td>\n<\/tr>\n<tr class=\"row-17\">\n\t<td class=\"column-1\"><strong>Rebateo 2<\/strong><\/td><td class=\"column-2\">Miguel J. Fern\u00e1ndez Arroyo<\/td><td class=\"column-3\">David Cuenca Mor\u00f3n<\/td><td class=\"column-4\">Esteban Morales S\u00e1nchez<\/td>\n<\/tr>\n<\/tbody>\n<\/table>\n<\/div>\n\t\t\t\t\t\t<\/div>\n\t\t\t\t<\/div>\n\t\t\t\t\t<\/div>\n\t\t<\/div>\n\t\t\t\t\t<\/div>\n\t\t<\/section>\n\t\t\t\t<\/div>\n\t\t","protected":false},"excerpt":{"rendered":"<p>\u00a0 TURNOS DE FIGURAS 2021 &#8211; \u00a0 Turnos de Figura, donde se reflejan los hermanos que han vestido esos martirios. Rogamos disculpas, por los a\u00f1os que no figuran en los diferentes turnos, pero por unos u otros motivos, no figuran en los libros de actas. Independientemente del sorteo y salvo multa de 1 euro, los [&hellip;]<\/p>\n","protected":false},"author":1,"featured_media":0,"parent":751,"menu_order":0,"comment_status":"closed","ping_status":"closed","template":"","meta":{"site-sidebar-layout":"default","site-content-layout":"default","ast-site-content-layout":"","site-content-style":"default","site-sidebar-style":"default","ast-global-header-display":"","ast-banner-title-visibility":"","ast-main-header-display":"","ast-hfb-above-header-display":"","ast-hfb-below-header-display":"","ast-hfb-mobile-header-display":"","site-post-title":"","ast-breadcrumbs-content":"","ast-featured-img":"","footer-sml-layout":"","theme-transparent-header-meta":"default","adv-header-id-meta":"","stick-header-meta":"","header-above-stick-meta":"","header-main-stick-meta":"","header-below-stick-meta":"","astra-migrate-meta-layouts":"default","ast-page-background-enabled":"default","ast-page-background-meta":{"desktop":{"background-color":"","background-image":"","background-repeat":"repeat","background-position":"center center","background-size":"auto","background-attachment":"scroll","background-type":"","background-media":"","overlay-type":"","overlay-color":"","overlay-opacity":"","overlay-gradient":""},"tablet":{"background-color":"","background-image":"","background-repeat":"repeat","background-position":"center center","background-size":"auto","background-attachment":"scroll","background-type":"","background-media":"","overlay-type":"","overlay-color":"","overlay-opacity":"","overlay-gradient":""},"mobile":{"background-color":"","background-image":"","background-repeat":"repeat","background-position":"center center","background-size":"auto","background-attachment":"scroll","background-type":"","background-media":"","overlay-type":"","overlay-color":"","overlay-opacity":"","overlay-gradient":""}},"ast-content-background-meta":{"desktop":{"background-color":"var(--ast-global-color-5)","background-image":"","background-repeat":"repeat","background-position":"center center","background-size":"auto","background-attachment":"scroll","background-type":"","background-media":"","overlay-type":"","overlay-color":"","overlay-opacity":"","overlay-gradient":""},"tablet":{"background-color":"var(--ast-global-color-5)","background-image":"","background-repeat":"repeat","background-position":"center center","background-size":"auto","background-attachment":"scroll","background-type":"","background-media":"","overlay-type":"","overlay-color":"","overlay-opacity":"","overlay-gradient":""},"mobile":{"background-color":"var(--ast-global-color-5)","background-image":"","background-repeat":"repeat","background-position":"center center","background-size":"auto","background-attachment":"scroll","background-type":"","background-media":"","overlay-type":"","overlay-color":"","overlay-opacity":"","overlay-gradient":""}},"footnotes":""},"wf_page_folders":[],"class_list":["post-5440","page","type-page","status-publish","hentry"],"jetpack_sharing_enabled":true,"_links":{"self":[{"href":"https:\/\/losapostoles.org\/index.php\/wp-json\/wp\/v2\/pages\/5440","targetHints":{"allow":["GET"]}}],"collection":[{"href":"https:\/\/losapostoles.org\/index.php\/wp-json\/wp\/v2\/pages"}],"about":[{"href":"https:\/\/losapostoles.org\/index.php\/wp-json\/wp\/v2\/types\/page"}],"author":[{"embeddable":true,"href":"https:\/\/losapostoles.org\/index.php\/wp-json\/wp\/v2\/users\/1"}],"replies":[{"embeddable":true,"href":"https:\/\/losapostoles.org\/index.php\/wp-json\/wp\/v2\/comments?post=5440"}],"version-history":[{"count":28,"href":"https:\/\/losapostoles.org\/index.php\/wp-json\/wp\/v2\/pages\/5440\/revisions"}],"predecessor-version":[{"id":11589,"href":"https:\/\/losapostoles.org\/index.php\/wp-json\/wp\/v2\/pages\/5440\/revisions\/11589"}],"up":[{"embeddable":true,"href":"https:\/\/losapostoles.org\/index.php\/wp-json\/wp\/v2\/pages\/751"}],"wp:attachment":[{"href":"https:\/\/losapostoles.org\/index.php\/wp-json\/wp\/v2\/media?parent=5440"}],"wp:term":[{"taxonomy":"wf_page_folders","embeddable":true,"href":"https:\/\/losapostoles.org\/index.php\/wp-json\/wp\/v2\/wf_page_folders?post=5440"}],"curies":[{"name":"wp","href":"https:\/\/api.w.org\/{rel}","templated":true}]}}